{"id":199,"date":"2024-05-11T14:53:54","date_gmt":"2024-05-11T14:53:54","guid":{"rendered":"https:\/\/clinicaalbia.es\/?page_id=199"},"modified":"2025-01-20T16:21:44","modified_gmt":"2025-01-20T16:21:44","slug":"el-equipo","status":"publish","type":"page","link":"https:\/\/clinicaalbia.es\/en\/el-equipo\/","title":{"rendered":"El Equipo"},"content":{"rendered":"\n<h1 class=\"wp-block-heading has-text-align-center\">El Equipo<\/h1>\n\n\n\n<figure class=\"wp-block-image alignwide\"><img loading=\"lazy\" decoding=\"async\" width=\"1920\" height=\"1280\" src=\"https:\/\/clinicaalbia.es\/wp-content\/uploads\/2024\/05\/equipo_clinica_albia_web.jpg\" alt=\"equipo de la cl\u00ednica capilar albia\" class=\"wp-image-384\" srcset=\"https:\/\/clinicaalbia.es\/wp-content\/uploads\/2024\/05\/equipo_clinica_albia_web.jpg 1920w, https:\/\/clinicaalbia.es\/wp-content\/uploads\/2024\/05\/equipo_clinica_albia_web-300x200.jpg 300w, https:\/\/clinicaalbia.es\/wp-content\/uploads\/2024\/05\/equipo_clinica_albia_web-1024x683.jpg 1024w, https:\/\/clinicaalbia.es\/wp-content\/uploads\/2024\/05\/equipo_clinica_albia_web-768x512.jpg 768w, https:\/\/clinicaalbia.es\/wp-content\/uploads\/2024\/05\/equipo_clinica_albia_web-1536x1024.jpg 1536w\" sizes=\"auto, (max-width: 1920px) 100vw, 1920px\" \/><\/figure>\n\n\n\n<div style=\"height:25px\" aria-hidden=\"true\" class=\"wp-block-spacer\"><\/div>\n\n\n\n<div class=\"wp-block-media-text is-stacked-on-mobile\"><figure class=\"wp-block-media-text__media\"><img loading=\"lazy\" decoding=\"async\" width=\"767\" height=\"1024\" src=\"https:\/\/clinicaalbia.es\/wp-content\/uploads\/2024\/10\/arrate_web-767x1024.jpg\" alt=\"Arrate Lobato\" class=\"wp-image-560 size-full\" srcset=\"https:\/\/clinicaalbia.es\/wp-content\/uploads\/2024\/10\/arrate_web-767x1024.jpg 767w, https:\/\/clinicaalbia.es\/wp-content\/uploads\/2024\/10\/arrate_web-225x300.jpg 225w, https:\/\/clinicaalbia.es\/wp-content\/uploads\/2024\/10\/arrate_web-768x1025.jpg 768w, https:\/\/clinicaalbia.es\/wp-content\/uploads\/2024\/10\/arrate_web-1151x1536.jpg 1151w, https:\/\/clinicaalbia.es\/wp-content\/uploads\/2024\/10\/arrate_web.jpg 1439w\" sizes=\"auto, (max-width: 767px) 100vw, 767px\" \/><\/figure><div class=\"wp-block-media-text__content\">\n<p class=\"has-text-align-center has-medium-font-size\"><strong>Arrate Lobato<br><\/strong>Cirujana Capilar y M\u00e9dico Est\u00e9tico<\/p>\n<\/div><\/div>\n\n\n\n<div class=\"wp-block-media-text has-media-on-the-right is-stacked-on-mobile\"><div class=\"wp-block-media-text__content\">\n<p class=\"has-text-align-center has-medium-font-size\"><strong>Andrea Arechalde<br><\/strong>Cirujana Capilar y M\u00e9dico Est\u00e9tico<\/p>\n<\/div><figure class=\"wp-block-media-text__media\"><img loading=\"lazy\" decoding=\"async\" width=\"767\" height=\"1024\" src=\"https:\/\/clinicaalbia.es\/wp-content\/uploads\/2024\/10\/andrea_web-767x1024.jpg\" alt=\"Andrea Arechalde\" class=\"wp-image-563 size-full\" srcset=\"https:\/\/clinicaalbia.es\/wp-content\/uploads\/2024\/10\/andrea_web-767x1024.jpg 767w, https:\/\/clinicaalbia.es\/wp-content\/uploads\/2024\/10\/andrea_web-225x300.jpg 225w, https:\/\/clinicaalbia.es\/wp-content\/uploads\/2024\/10\/andrea_web-768x1025.jpg 768w, https:\/\/clinicaalbia.es\/wp-content\/uploads\/2024\/10\/andrea_web-1151x1536.jpg 1151w, https:\/\/clinicaalbia.es\/wp-content\/uploads\/2024\/10\/andrea_web.jpg 1439w\" sizes=\"auto, (max-width: 767px) 100vw, 767px\" \/><\/figure><\/div>\n\n\n\n<div class=\"wp-block-media-text is-stacked-on-mobile is-vertically-aligned-center\"><figure class=\"wp-block-media-text__media\"><img loading=\"lazy\" decoding=\"async\" width=\"819\" height=\"1024\" src=\"https:\/\/clinicaalbia.es\/wp-content\/uploads\/2025\/01\/julen_equipo_web_3-819x1024.jpg\" alt=\"\" class=\"wp-image-959 size-full\" srcset=\"https:\/\/clinicaalbia.es\/wp-content\/uploads\/2025\/01\/julen_equipo_web_3-819x1024.jpg 819w, https:\/\/clinicaalbia.es\/wp-content\/uploads\/2025\/01\/julen_equipo_web_3-240x300.jpg 240w, https:\/\/clinicaalbia.es\/wp-content\/uploads\/2025\/01\/julen_equipo_web_3-768x960.jpg 768w, https:\/\/clinicaalbia.es\/wp-content\/uploads\/2025\/01\/julen_equipo_web_3.jpg 945w\" sizes=\"auto, (max-width: 819px) 100vw, 819px\" \/><\/figure><div class=\"wp-block-media-text__content\">\n<p class=\"has-text-align-center has-medium-font-size\"><strong>Julen Maza<\/strong><br>M\u00e9dico<\/p>\n<\/div><\/div>\n\n\n\n<div class=\"wp-block-media-text has-media-on-the-right is-stacked-on-mobile\"><div class=\"wp-block-media-text__content\">\n<p class=\"has-text-align-center has-medium-font-size\"><strong>Igone Lobato<\/strong><br>Enfermera<\/p>\n<\/div><figure class=\"wp-block-media-text__media\"><img loading=\"lazy\" decoding=\"async\" width=\"819\" height=\"1024\" src=\"https:\/\/clinicaalbia.es\/wp-content\/uploads\/2025\/01\/igone_equipo_web_2_w-819x1024.jpg\" alt=\"\" class=\"wp-image-957 size-full\" srcset=\"https:\/\/clinicaalbia.es\/wp-content\/uploads\/2025\/01\/igone_equipo_web_2_w-819x1024.jpg 819w, https:\/\/clinicaalbia.es\/wp-content\/uploads\/2025\/01\/igone_equipo_web_2_w-240x300.jpg 240w, https:\/\/clinicaalbia.es\/wp-content\/uploads\/2025\/01\/igone_equipo_web_2_w-768x960.jpg 768w, https:\/\/clinicaalbia.es\/wp-content\/uploads\/2025\/01\/igone_equipo_web_2_w.jpg 895w\" sizes=\"auto, (max-width: 819px) 100vw, 819px\" \/><\/figure><\/div>\n\n\n\n<div class=\"wp-block-media-text is-stacked-on-mobile\"><figure class=\"wp-block-media-text__media\"><img loading=\"lazy\" decoding=\"async\" width=\"768\" height=\"1024\" src=\"https:\/\/clinicaalbia.es\/wp-content\/uploads\/2024\/10\/ainara_web-768x1024.jpg\" alt=\"Ainara Clares\" class=\"wp-image-566 size-full\" srcset=\"https:\/\/clinicaalbia.es\/wp-content\/uploads\/2024\/10\/ainara_web-768x1024.jpg 768w, https:\/\/clinicaalbia.es\/wp-content\/uploads\/2024\/10\/ainara_web-225x300.jpg 225w, https:\/\/clinicaalbia.es\/wp-content\/uploads\/2024\/10\/ainara_web-1152x1536.jpg 1152w, https:\/\/clinicaalbia.es\/wp-content\/uploads\/2024\/10\/ainara_web.jpg 1440w\" sizes=\"auto, (max-width: 768px) 100vw, 768px\" \/><\/figure><div class=\"wp-block-media-text__content\">\n<p class=\"has-text-align-center has-medium-font-size\"><strong>Ainara Clares<\/strong><br>Auxiliar de Enfermer\u00eda y<br>T\u00e9cnico de Laboratorio<\/p>\n<\/div><\/div>\n\n\n\n<div class=\"wp-block-media-text has-media-on-the-right is-stacked-on-mobile\"><div class=\"wp-block-media-text__content\">\n<p class=\"has-text-align-center has-medium-font-size\"><strong>Lorena P\u00e9rez<br><\/strong>Auxiliar de Enfermer\u00eda<\/p>\n<\/div><figure class=\"wp-block-media-text__media\"><img loading=\"lazy\" decoding=\"async\" width=\"768\" height=\"1024\" src=\"https:\/\/clinicaalbia.es\/wp-content\/uploads\/2024\/10\/lorena-768x1024.jpg\" alt=\"Lorena P\u00e9rez\" class=\"wp-image-569 size-full\" srcset=\"https:\/\/clinicaalbia.es\/wp-content\/uploads\/2024\/10\/lorena-768x1024.jpg 768w, https:\/\/clinicaalbia.es\/wp-content\/uploads\/2024\/10\/lorena-225x300.jpg 225w, https:\/\/clinicaalbia.es\/wp-content\/uploads\/2024\/10\/lorena-1152x1536.jpg 1152w, https:\/\/clinicaalbia.es\/wp-content\/uploads\/2024\/10\/lorena.jpg 1440w\" sizes=\"auto, (max-width: 768px) 100vw, 768px\" \/><\/figure><\/div>\n\n\n\n<div class=\"wp-block-media-text is-stacked-on-mobile\"><figure class=\"wp-block-media-text__media\"><img loading=\"lazy\" decoding=\"async\" width=\"768\" height=\"1024\" src=\"https:\/\/clinicaalbia.es\/wp-content\/uploads\/2024\/10\/begona-768x1024.jpg\" alt=\"Bego\u00f1a Clares\" class=\"wp-image-572 size-full\" srcset=\"https:\/\/clinicaalbia.es\/wp-content\/uploads\/2024\/10\/begona-768x1024.jpg 768w, https:\/\/clinicaalbia.es\/wp-content\/uploads\/2024\/10\/begona-225x300.jpg 225w, https:\/\/clinicaalbia.es\/wp-content\/uploads\/2024\/10\/begona-1152x1536.jpg 1152w, https:\/\/clinicaalbia.es\/wp-content\/uploads\/2024\/10\/begona.jpg 1440w\" sizes=\"auto, (max-width: 768px) 100vw, 768px\" \/><\/figure><div class=\"wp-block-media-text__content\">\n<p class=\"has-text-align-center has-medium-font-size\"><strong>Bego\u00f1a Ruano<\/strong><br>Auxiliar de Enfermer\u00eda<\/p>\n<\/div><\/div>\n\n\n\n<div class=\"wp-block-media-text has-media-on-the-right is-stacked-on-mobile\"><div class=\"wp-block-media-text__content\">\n<p class=\"has-text-align-center has-medium-font-size\"><strong>Nekane Ga\u00f1an<\/strong><br>Administraci\u00f3n y atenci\u00f3n al paciente<\/p>\n<\/div><figure class=\"wp-block-media-text__media\"><img loading=\"lazy\" decoding=\"async\" width=\"819\" height=\"1024\" src=\"https:\/\/clinicaalbia.es\/wp-content\/uploads\/2025\/01\/nekane_web-819x1024.jpg\" alt=\"\" class=\"wp-image-962 size-full\" srcset=\"https:\/\/clinicaalbia.es\/wp-content\/uploads\/2025\/01\/nekane_web-819x1024.jpg 819w, https:\/\/clinicaalbia.es\/wp-content\/uploads\/2025\/01\/nekane_web-240x300.jpg 240w, https:\/\/clinicaalbia.es\/wp-content\/uploads\/2025\/01\/nekane_web-768x960.jpg 768w, https:\/\/clinicaalbia.es\/wp-content\/uploads\/2025\/01\/nekane_web-1229x1536.jpg 1229w, https:\/\/clinicaalbia.es\/wp-content\/uploads\/2025\/01\/nekane_web.jpg 1536w\" sizes=\"auto, (max-width: 819px) 100vw, 819px\" \/><\/figure><\/div>\n\n\n\n<p><\/p>\n","protected":false},"excerpt":{"rendered":"<p>El Equipo Arrate LobatoCirujana Capilar y M\u00e9dico Est\u00e9tico Andrea ArechaldeCirujana Capilar y M\u00e9dico Est\u00e9tico Julen MazaM\u00e9dico Igone LobatoEnfermera Ainara ClaresAuxiliar de Enfermer\u00eda yT\u00e9cnico de Laboratorio Lorena P\u00e9rezAuxiliar de Enfermer\u00eda Bego\u00f1a RuanoAuxiliar de Enfermer\u00eda Nekane Ga\u00f1anAdministraci\u00f3n y atenci\u00f3n al paciente<\/p>\n","protected":false},"author":1,"featured_media":0,"parent":0,"menu_order":0,"comment_status":"closed","ping_status":"closed","template":"","meta":{"footnotes":""},"class_list":["post-199","page","type-page","status-publish","hentry"],"yoast_head":"<!-- This site is optimized with the Yoast SEO plugin v27.3 - https:\/\/yoast.com\/product\/yoast-seo-wordpress\/ -->\n<title>El Equipo<\/title>\n<meta name=\"description\" content=\"El Equipo Arrate LobatoCirujana Capilar y M\u00e9dico Est\u00e9tico Andrea ArechaldeCirujana Capilar y M\u00e9dico Est\u00e9tico Julen MazaM\u00e9dico Igone LobatoEnfermera Ainara ClaresAuxiliar de Enfermer\u00eda yT\u00e9cnico de Laboratorio Lorena P\u00e9rezAuxiliar de Enfermer\u00eda Bego\u00f1a RuanoAuxiliar de Enfermer\u00eda Nekane Ga\u00f1anAdministraci\u00f3n y atenci\u00f3n al paciente\" \/>\n<meta name=\"robots\" content=\"index, follow, max-snippet:-1, max-image-preview:large, max-video-preview:-1\" \/>\n<link rel=\"canonical\" href=\"http:\/\/El%20Equipo%20Arrate%20LobatoCirujana%20Capilar%20y%20M\u00e9dico%20Est\u00e9tico%20Andrea%20ArechaldeCirujana%20Capilar%20y%20M\u00e9dico%20Est\u00e9tico%20Julen%20MazaM\u00e9dico%20Igone%20LobatoEnfermera%20Ainara%20ClaresAuxiliar%20de%20Enfermer\u00eda%20yT\u00e9cnico%20de%20Laboratorio%20Lorena%20P\u00e9rezAuxiliar%20de%20Enfermer\u00eda%20Bego\u00f1a%20RuanoAuxiliar%20de%20Enfermer\u00eda%20Nekane%20Ga\u00f1anAdministraci\u00f3n%20y%20atenci\u00f3n%20al%20paciente\" \/>\n<meta property=\"og:locale\" content=\"en_GB\" \/>\n<meta property=\"og:type\" content=\"article\" \/>\n<meta property=\"og:title\" content=\"El Equipo\" \/>\n<meta property=\"og:description\" content=\"El Equipo Arrate LobatoCirujana Capilar y M\u00e9dico Est\u00e9tico Andrea ArechaldeCirujana Capilar y M\u00e9dico Est\u00e9tico Julen MazaM\u00e9dico Igone LobatoEnfermera Ainara ClaresAuxiliar de Enfermer\u00eda yT\u00e9cnico de Laboratorio Lorena P\u00e9rezAuxiliar de Enfermer\u00eda Bego\u00f1a RuanoAuxiliar de Enfermer\u00eda Nekane Ga\u00f1anAdministraci\u00f3n y atenci\u00f3n al paciente\" \/>\n<meta property=\"og:url\" content=\"https:\/\/clinicaalbia.es\/en\/el-equipo\/\" \/>\n<meta property=\"og:site_name\" content=\"Cl\u00ednica Capilar Albia - Dra. Arrate Lobato &amp; Dra. Andrea Arechalde Palacios\" \/>\n<meta property=\"article:modified_time\" content=\"2025-01-20T16:21:44+00:00\" \/>\n<meta property=\"og:image\" content=\"https:\/\/clinicaalbia.es\/wp-content\/uploads\/2024\/05\/equipo_clinica_albia_web.jpg\" \/>\n\t<meta property=\"og:image:width\" content=\"1920\" \/>\n\t<meta property=\"og:image:height\" content=\"1280\" \/>\n\t<meta property=\"og:image:type\" content=\"image\/jpeg\" \/>\n<meta name=\"twitter:card\" content=\"summary_large_image\" \/>\n<meta name=\"twitter:label1\" content=\"Estimated reading time\" \/>\n\t<meta name=\"twitter:data1\" content=\"3 minutes\" \/>\n<script type=\"application\/ld+json\" class=\"yoast-schema-graph\">{\"@context\":\"https:\\\/\\\/schema.org\",\"@graph\":[{\"@type\":\"WebPage\",\"@id\":\"https:\\\/\\\/clinicaalbia.es\\\/en\\\/el-equipo\\\/\",\"url\":\"https:\\\/\\\/clinicaalbia.es\\\/en\\\/el-equipo\\\/\",\"name\":\"El Equipo - Cl\u00ednica Capilar Albia - Dra. Arrate Lobato &amp; Dra. Andrea Arechalde Palacios\",\"isPartOf\":{\"@id\":\"https:\\\/\\\/clinicaalbia.es\\\/#website\"},\"primaryImageOfPage\":{\"@id\":\"https:\\\/\\\/clinicaalbia.es\\\/en\\\/el-equipo\\\/#primaryimage\"},\"image\":{\"@id\":\"https:\\\/\\\/clinicaalbia.es\\\/en\\\/el-equipo\\\/#primaryimage\"},\"thumbnailUrl\":\"https:\\\/\\\/clinicaalbia.es\\\/wp-content\\\/uploads\\\/2024\\\/05\\\/equipo_clinica_albia_web.jpg\",\"datePublished\":\"2024-05-11T14:53:54+00:00\",\"dateModified\":\"2025-01-20T16:21:44+00:00\",\"breadcrumb\":{\"@id\":\"https:\\\/\\\/clinicaalbia.es\\\/en\\\/el-equipo\\\/#breadcrumb\"},\"inLanguage\":\"en-GB\",\"potentialAction\":[{\"@type\":\"ReadAction\",\"target\":[\"https:\\\/\\\/clinicaalbia.es\\\/en\\\/el-equipo\\\/\"]}]},{\"@type\":\"ImageObject\",\"inLanguage\":\"en-GB\",\"@id\":\"https:\\\/\\\/clinicaalbia.es\\\/en\\\/el-equipo\\\/#primaryimage\",\"url\":\"https:\\\/\\\/clinicaalbia.es\\\/wp-content\\\/uploads\\\/2024\\\/05\\\/equipo_clinica_albia_web.jpg\",\"contentUrl\":\"https:\\\/\\\/clinicaalbia.es\\\/wp-content\\\/uploads\\\/2024\\\/05\\\/equipo_clinica_albia_web.jpg\"},{\"@type\":\"BreadcrumbList\",\"@id\":\"https:\\\/\\\/clinicaalbia.es\\\/en\\\/el-equipo\\\/#breadcrumb\",\"itemListElement\":[{\"@type\":\"ListItem\",\"position\":1,\"name\":\"Inicio\",\"item\":\"https:\\\/\\\/clinicaalbia.es\\\/\"},{\"@type\":\"ListItem\",\"position\":2,\"name\":\"El Equipo\"}]},{\"@type\":\"WebSite\",\"@id\":\"https:\\\/\\\/clinicaalbia.es\\\/en\\\/#website\",\"url\":\"https:\\\/\\\/clinicaalbia.es\\\/en\\\/\",\"name\":\"Cl\u00ednica Capilar Albia - Expertos Microinjerto Capilar\",\"description\":\"Cl\u00ednica capilar y de medicina est\u00e9tica\",\"publisher\":{\"@id\":\"https:\\\/\\\/clinicaalbia.es\\\/en\\\/#organization\"},\"alternateName\":\"Cl\u00ednica Albia\",\"potentialAction\":[{\"@type\":\"SearchAction\",\"target\":{\"@type\":\"EntryPoint\",\"urlTemplate\":\"https:\\\/\\\/clinicaalbia.es\\\/en\\\/?s={search_term_string}\"},\"query-input\":{\"@type\":\"PropertyValueSpecification\",\"valueRequired\":true,\"valueName\":\"search_term_string\"}}],\"inLanguage\":\"en-GB\"},{\"@type\":\"Organization\",\"@id\":\"https:\\\/\\\/clinicaalbia.es\\\/en\\\/#organization\",\"name\":\"Cl\u00ednica Capilar Albia S.L.\",\"alternateName\":\"Cl\u00ednica Albia\",\"url\":\"https:\\\/\\\/clinicaalbia.es\\\/en\\\/\",\"logo\":{\"@type\":\"ImageObject\",\"inLanguage\":\"en-GB\",\"@id\":\"https:\\\/\\\/clinicaalbia.es\\\/en\\\/#\\\/schema\\\/logo\\\/image\\\/\",\"url\":\"https:\\\/\\\/clinicaalbia.es\\\/wp-content\\\/uploads\\\/2023\\\/12\\\/LOGO_FAVICON.png\",\"contentUrl\":\"https:\\\/\\\/clinicaalbia.es\\\/wp-content\\\/uploads\\\/2023\\\/12\\\/LOGO_FAVICON.png\",\"width\":512,\"height\":512,\"caption\":\"Cl\u00ednica Capilar Albia S.L.\"},\"image\":{\"@id\":\"https:\\\/\\\/clinicaalbia.es\\\/en\\\/#\\\/schema\\\/logo\\\/image\\\/\"},\"sameAs\":[\"https:\\\/\\\/www.instagram.com\\\/clinicaalbia\\\/\"]}]}<\/script>\n<!-- \/ Yoast SEO plugin. -->","yoast_head_json":{"title":"El Equipo","description":"El Equipo Arrate LobatoCirujana Capilar y M\u00e9dico Est\u00e9tico Andrea ArechaldeCirujana Capilar y M\u00e9dico Est\u00e9tico Julen MazaM\u00e9dico Igone LobatoEnfermera Ainara ClaresAuxiliar de Enfermer\u00eda yT\u00e9cnico de Laboratorio Lorena P\u00e9rezAuxiliar de Enfermer\u00eda Bego\u00f1a RuanoAuxiliar de Enfermer\u00eda Nekane Ga\u00f1anAdministraci\u00f3n y atenci\u00f3n al paciente","robots":{"index":"index","follow":"follow","max-snippet":"max-snippet:-1","max-image-preview":"max-image-preview:large","max-video-preview":"max-video-preview:-1"},"canonical":"El Equipo Arrate LobatoCirujana Capilar y M\u00e9dico Est\u00e9tico Andrea ArechaldeCirujana Capilar y M\u00e9dico Est\u00e9tico Julen MazaM\u00e9dico Igone LobatoEnfermera Ainara ClaresAuxiliar de Enfermer\u00eda yT\u00e9cnico de Laboratorio Lorena P\u00e9rezAuxiliar de Enfermer\u00eda Bego\u00f1a RuanoAuxiliar de Enfermer\u00eda Nekane Ga\u00f1anAdministraci\u00f3n y atenci\u00f3n al paciente","og_locale":"en_GB","og_type":"article","og_title":"El Equipo","og_description":"El Equipo Arrate LobatoCirujana Capilar y M\u00e9dico Est\u00e9tico Andrea ArechaldeCirujana Capilar y M\u00e9dico Est\u00e9tico Julen MazaM\u00e9dico Igone LobatoEnfermera Ainara ClaresAuxiliar de Enfermer\u00eda yT\u00e9cnico de Laboratorio Lorena P\u00e9rezAuxiliar de Enfermer\u00eda Bego\u00f1a RuanoAuxiliar de Enfermer\u00eda Nekane Ga\u00f1anAdministraci\u00f3n y atenci\u00f3n al paciente","og_url":"https:\/\/clinicaalbia.es\/en\/el-equipo\/","og_site_name":"Cl\u00ednica Capilar Albia - Dra. Arrate Lobato &amp; Dra. Andrea Arechalde Palacios","article_modified_time":"2025-01-20T16:21:44+00:00","og_image":[{"width":1920,"height":1280,"url":"https:\/\/clinicaalbia.es\/wp-content\/uploads\/2024\/05\/equipo_clinica_albia_web.jpg","type":"image\/jpeg"}],"twitter_card":"summary_large_image","twitter_misc":{"Estimated reading time":"3 minutes"},"schema":{"@context":"https:\/\/schema.org","@graph":[{"@type":"WebPage","@id":"https:\/\/clinicaalbia.es\/en\/el-equipo\/","url":"https:\/\/clinicaalbia.es\/en\/el-equipo\/","name":"El Equipo - Cl\u00ednica Capilar Albia - Dra. Arrate Lobato &amp; Dra. Andrea Arechalde Palacios","isPartOf":{"@id":"https:\/\/clinicaalbia.es\/#website"},"primaryImageOfPage":{"@id":"https:\/\/clinicaalbia.es\/en\/el-equipo\/#primaryimage"},"image":{"@id":"https:\/\/clinicaalbia.es\/en\/el-equipo\/#primaryimage"},"thumbnailUrl":"https:\/\/clinicaalbia.es\/wp-content\/uploads\/2024\/05\/equipo_clinica_albia_web.jpg","datePublished":"2024-05-11T14:53:54+00:00","dateModified":"2025-01-20T16:21:44+00:00","breadcrumb":{"@id":"https:\/\/clinicaalbia.es\/en\/el-equipo\/#breadcrumb"},"inLanguage":"en-GB","potentialAction":[{"@type":"ReadAction","target":["https:\/\/clinicaalbia.es\/en\/el-equipo\/"]}]},{"@type":"ImageObject","inLanguage":"en-GB","@id":"https:\/\/clinicaalbia.es\/en\/el-equipo\/#primaryimage","url":"https:\/\/clinicaalbia.es\/wp-content\/uploads\/2024\/05\/equipo_clinica_albia_web.jpg","contentUrl":"https:\/\/clinicaalbia.es\/wp-content\/uploads\/2024\/05\/equipo_clinica_albia_web.jpg"},{"@type":"BreadcrumbList","@id":"https:\/\/clinicaalbia.es\/en\/el-equipo\/#breadcrumb","itemListElement":[{"@type":"ListItem","position":1,"name":"Inicio","item":"https:\/\/clinicaalbia.es\/"},{"@type":"ListItem","position":2,"name":"El Equipo"}]},{"@type":"WebSite","@id":"https:\/\/clinicaalbia.es\/en\/#website","url":"https:\/\/clinicaalbia.es\/en\/","name":"Cl\u00ednica Capilar Albia - Expertos Microinjerto Capilar","description":"Cl\u00ednica capilar y de medicina est\u00e9tica","publisher":{"@id":"https:\/\/clinicaalbia.es\/en\/#organization"},"alternateName":"Cl\u00ednica Albia","potentialAction":[{"@type":"SearchAction","target":{"@type":"EntryPoint","urlTemplate":"https:\/\/clinicaalbia.es\/en\/?s={search_term_string}"},"query-input":{"@type":"PropertyValueSpecification","valueRequired":true,"valueName":"search_term_string"}}],"inLanguage":"en-GB"},{"@type":"Organization","@id":"https:\/\/clinicaalbia.es\/en\/#organization","name":"Cl\u00ednica Capilar Albia S.L.","alternateName":"Cl\u00ednica Albia","url":"https:\/\/clinicaalbia.es\/en\/","logo":{"@type":"ImageObject","inLanguage":"en-GB","@id":"https:\/\/clinicaalbia.es\/en\/#\/schema\/logo\/image\/","url":"https:\/\/clinicaalbia.es\/wp-content\/uploads\/2023\/12\/LOGO_FAVICON.png","contentUrl":"https:\/\/clinicaalbia.es\/wp-content\/uploads\/2023\/12\/LOGO_FAVICON.png","width":512,"height":512,"caption":"Cl\u00ednica Capilar Albia S.L."},"image":{"@id":"https:\/\/clinicaalbia.es\/en\/#\/schema\/logo\/image\/"},"sameAs":["https:\/\/www.instagram.com\/clinicaalbia\/"]}]}},"_links":{"self":[{"href":"https:\/\/clinicaalbia.es\/en\/wp-json\/wp\/v2\/pages\/199","targetHints":{"allow":["GET"]}}],"collection":[{"href":"https:\/\/clinicaalbia.es\/en\/wp-json\/wp\/v2\/pages"}],"about":[{"href":"https:\/\/clinicaalbia.es\/en\/wp-json\/wp\/v2\/types\/page"}],"author":[{"embeddable":true,"href":"https:\/\/clinicaalbia.es\/en\/wp-json\/wp\/v2\/users\/1"}],"replies":[{"embeddable":true,"href":"https:\/\/clinicaalbia.es\/en\/wp-json\/wp\/v2\/comments?post=199"}],"version-history":[{"count":71,"href":"https:\/\/clinicaalbia.es\/en\/wp-json\/wp\/v2\/pages\/199\/revisions"}],"predecessor-version":[{"id":964,"href":"https:\/\/clinicaalbia.es\/en\/wp-json\/wp\/v2\/pages\/199\/revisions\/964"}],"wp:attachment":[{"href":"https:\/\/clinicaalbia.es\/en\/wp-json\/wp\/v2\/media?parent=199"}],"curies":[{"name":"wp","href":"https:\/\/api.w.org\/{rel}","templated":true}]}}